{"id":37422,"date":"2025-10-21T11:27:11","date_gmt":"2025-10-21T11:27:11","guid":{"rendered":"https:\/\/www.gromic.eu\/gestion-culturelle-emotion\/"},"modified":"2026-04-10T16:53:46","modified_gmt":"2026-04-10T16:53:46","slug":"gestion-cultural-de-la-emocion","status":"publish","type":"page","link":"https:\/\/www.gromic.eu\/es\/gestion-cultural-de-la-emocion\/","title":{"rendered":"Gesti\u00f3n Cultural de la Emoci\u00f3n"},"content":{"rendered":"<p><div class=\"fusion-fullwidth fullwidth-box fusion-builder-row-1 fusion-flex-container has-pattern-background has-mask-background nonhundred-percent-fullwidth non-hundred-percent-height-scrolling\" style=\"--awb-border-radius-top-left:0px;--awb-border-radius-top-right:0px;--awb-border-radius-bottom-right:0px;--awb-border-radius-bottom-left:0px;--awb-flex-wrap:wrap;\" ><div class=\"fusion-builder-row fusion-row fusion-flex-align-items-flex-start fusion-flex-content-wrap\" style=\"max-width:1144px;margin-left: calc(-4% \/ 2 );margin-right: calc(-4% \/ 2 );\"><div class=\"fusion-layout-column fusion_builder_column fusion-builder-column-0 fusion_builder_column_1_5 1_5 fusion-flex-column\" style=\"--awb-bg-size:cover;--awb-width-large:20%;--awb-margin-top-large:0px;--awb-spacing-right-large:9.6%;--awb-margin-bottom-large:20px;--awb-spacing-left-large:9.6%;--awb-width-medium:100%;--awb-order-medium:0;--awb-spacing-right-medium:1.92%;--awb-spacing-left-medium:1.92%;--awb-width-small:100%;--awb-order-small:0;--awb-spacing-right-small:1.92%;--awb-spacing-left-small:1.92%;\"><div class=\"fusion-column-wrapper fusion-column-has-shadow fusion-flex-justify-content-flex-start fusion-content-layout-column\"><\/div><\/div><div class=\"fusion-layout-column fusion_builder_column fusion-builder-column-1 fusion_builder_column_3_5 3_5 fusion-flex-column\" style=\"--awb-bg-size:cover;--awb-width-large:60%;--awb-margin-top-large:0px;--awb-spacing-right-large:3.2%;--awb-margin-bottom-large:20px;--awb-spacing-left-large:3.2%;--awb-width-medium:100%;--awb-order-medium:0;--awb-spacing-right-medium:1.92%;--awb-spacing-left-medium:1.92%;--awb-width-small:100%;--awb-order-small:0;--awb-spacing-right-small:1.92%;--awb-spacing-left-small:1.92%;\"><div class=\"fusion-column-wrapper fusion-column-has-shadow fusion-flex-justify-content-flex-start fusion-content-layout-column\"><div class=\"fusion-image-element \" style=\"--awb-caption-title-font-family:var(--h2_typography-font-family);--awb-caption-title-font-weight:var(--h2_typography-font-weight);--awb-caption-title-font-style:var(--h2_typography-font-style);--awb-caption-title-size:var(--h2_typography-font-size);--awb-caption-title-transform:var(--h2_typography-text-transform);--awb-caption-title-line-height:var(--h2_typography-line-height);--awb-caption-title-letter-spacing:var(--h2_typography-letter-spacing);\"><span class=\" fusion-imageframe imageframe-none imageframe-1 hover-type-none\"><a class=\"fusion-no-lightbox\" href=\"https:\/\/amzn.eu\/d\/jbyMBXE\" target=\"_blank\" aria-label=\"Mockup-Gestion Culutral de la emocion\" rel=\"noopener noreferrer\"><img decoding=\"async\" width=\"722\" height=\"1024\" src=\"https:\/\/www.gromic.eu\/wp-content\/uploads\/2026\/04\/Mockup-Gestion-Culutral-de-la-emocion-1-722x1024.jpg\" alt class=\"img-responsive wp-image-39198\"\/><\/a><\/span><\/div><\/div><\/div><div class=\"fusion-layout-column fusion_builder_column fusion-builder-column-2 fusion_builder_column_1_5 1_5 fusion-flex-column\" style=\"--awb-bg-size:cover;--awb-width-large:20%;--awb-margin-top-large:0px;--awb-spacing-right-large:9.6%;--awb-margin-bottom-large:20px;--awb-spacing-left-large:9.6%;--awb-width-medium:100%;--awb-order-medium:0;--awb-spacing-right-medium:1.92%;--awb-spacing-left-medium:1.92%;--awb-width-small:100%;--awb-order-small:0;--awb-spacing-right-small:1.92%;--awb-spacing-left-small:1.92%;\"><div class=\"fusion-column-wrapper fusion-column-has-shadow fusion-flex-justify-content-flex-start fusion-content-layout-column\"><\/div><\/div><\/div><\/div><div class=\"fusion-fullwidth fullwidth-box fusion-builder-row-2 fusion-flex-container has-pattern-background has-mask-background nonhundred-percent-fullwidth non-hundred-percent-height-scrolling\" style=\"--awb-border-radius-top-left:0px;--awb-border-radius-top-right:0px;--awb-border-radius-bottom-right:0px;--awb-border-radius-bottom-left:0px;--awb-flex-wrap:wrap;\" ><div class=\"fusion-builder-row fusion-row fusion-flex-align-items-flex-start fusion-flex-content-wrap\" style=\"max-width:1144px;margin-left: calc(-4% \/ 2 );margin-right: calc(-4% \/ 2 );\"><div class=\"fusion-layout-column fusion_builder_column fusion-builder-column-3 fusion_builder_column_1_5 1_5 fusion-flex-column\" style=\"--awb-bg-size:cover;--awb-width-large:20%;--awb-margin-top-large:0px;--awb-spacing-right-large:9.6%;--awb-margin-bottom-large:20px;--awb-spacing-left-large:9.6%;--awb-width-medium:100%;--awb-order-medium:0;--awb-spacing-right-medium:1.92%;--awb-spacing-left-medium:1.92%;--awb-width-small:100%;--awb-order-small:0;--awb-spacing-right-small:1.92%;--awb-spacing-left-small:1.92%;\"><div class=\"fusion-column-wrapper fusion-column-has-shadow fusion-flex-justify-content-flex-start fusion-content-layout-column\"><\/div><\/div><div class=\"fusion-layout-column fusion_builder_column fusion-builder-column-4 fusion_builder_column_3_5 3_5 fusion-flex-column\" style=\"--awb-bg-size:cover;--awb-width-large:60%;--awb-margin-top-large:0px;--awb-spacing-right-large:3.2%;--awb-margin-bottom-large:20px;--awb-spacing-left-large:3.2%;--awb-width-medium:100%;--awb-order-medium:0;--awb-spacing-right-medium:1.92%;--awb-spacing-left-medium:1.92%;--awb-width-small:100%;--awb-order-small:0;--awb-spacing-right-small:1.92%;--awb-spacing-left-small:1.92%;\"><div class=\"fusion-column-wrapper fusion-column-has-shadow fusion-flex-justify-content-flex-start fusion-content-layout-column\"><div class=\"fusion-text fusion-text-1\"><h2 style=\"text-align: center;\"><span style=\"font-size: 36pt;\"><strong><span class=\"a-text-bold\">GESTI\u00d3N CULTURAL de la EMOCI\u00d3N<\/span><\/strong><\/span><\/h2>\n<h2 style=\"text-align: center;\">C\u00f3mo sacar lo mejor de un espect\u00e1culo contratado sin arruinarlo<\/h2>\n<\/div><div class=\"fusion-separator fusion-full-width-sep\" style=\"align-self: center;margin-left: auto;margin-right: auto;margin-bottom:20px;width:100%;\"><\/div><div ><a class=\"fusion-button button-flat fusion-button-default-size button-default fusion-button-default button-1 fusion-button-default-span fusion-button-default-type\" target=\"_self\" href=\"https:\/\/amzn.eu\/d\/jbyMBXE\"><span class=\"fusion-button-text awb-button__text awb-button__text--default\">Conseguir el libro<\/span><\/a><\/div><div class=\"fusion-separator fusion-full-width-sep\" style=\"align-self: center;margin-left: auto;margin-right: auto;margin-bottom:40px;width:100%;\"><\/div><div class=\"fusion-text fusion-text-2\"><h1>Del Escenario a la Emoci\u00f3n<\/h1>\n<h2 style=\"text-align: left;\"><em>Descubre 5 principios y 4 pautas clave <\/em><em>para transformar la contrataci\u00f3n de un espect\u00e1culo en <\/em><em>una experiencia que lleva la emoci\u00f3n del escenario al coraz\u00f3n del p\u00fablico<\/em><span style=\"color: #000000;\">.<\/span><\/h2>\n<p><span style=\"font-size: 18pt;\">Este libro revela los aspectos invisibles para el p\u00fablico pero cruciales para el \u00e9xito de un espect\u00e1culo. <strong>Tanto programadores culturales como artistas<\/strong> encontrar\u00e1n aqu\u00ed herramientas pr\u00e1cticas <strong>para evitar errores que pueden arruinar una actuaci\u00f3n y potenciar lo que realmente importa.<\/strong> <\/span><\/p>\n<p><span style=\"font-size: 18pt;\"><strong>Para los programadores, redefine su rol como un arte en s\u00ed mismo<\/strong>, permiti\u00e9ndoles garantizar que cada espect\u00e1culo brille en su m\u00e1ximo esplendor. <strong>Para los artistas, les ayuda a identificar lo que los potencia y lo que los limita<\/strong>, asegurando una conexi\u00f3n aut\u00e9ntica con su p\u00fablico y consigo mismos.<\/span><\/p>\n<p><span style=\"font-size: 18pt;\">Una gu\u00eda pr\u00e1ctica y sin rodeos para quienes desean elevar la programaci\u00f3n y la experiencia esc\u00e9nica a otro nivel<\/span><\/p>\n<h1><\/h1>\n<h2 style=\"text-align: center;\"><span style=\"font-size: 36pt;\">Convierte cada espect\u00e1culo en una experiencia llena de emoci\u00f3n.<\/span><\/h2>\n<h1 style=\"text-align: center;\"><\/h1>\n<\/div><div class=\"fusion-separator fusion-full-width-sep\" style=\"align-self: center;margin-left: auto;margin-right: auto;margin-bottom:20px;width:100%;\"><\/div><div class=\"fusion-image-element \" style=\"text-align:center;--awb-caption-title-font-family:var(--h2_typography-font-family);--awb-caption-title-font-weight:var(--h2_typography-font-weight);--awb-caption-title-font-style:var(--h2_typography-font-style);--awb-caption-title-size:var(--h2_typography-font-size);--awb-caption-title-transform:var(--h2_typography-text-transform);--awb-caption-title-line-height:var(--h2_typography-line-height);--awb-caption-title-letter-spacing:var(--h2_typography-letter-spacing);\"><span class=\" fusion-imageframe imageframe-none imageframe-2 hover-type-none\"><a class=\"fusion-no-lightbox\" href=\"https:\/\/amzn.eu\/d\/jbyMBXE\" target=\"_blank\" aria-label=\"Mockup-Gestion Culutral de la emocion\" rel=\"noopener noreferrer\"><img decoding=\"async\" width=\"500\" height=\"709\" src=\"https:\/\/www.gromic.eu\/wp-content\/uploads\/2026\/04\/Mockup-Gestion-Culutral-de-la-emocion-1-e1775839296919.jpg\" alt class=\"img-responsive wp-image-39198\"\/><\/a><\/span><\/div><div class=\"fusion-separator fusion-full-width-sep\" style=\"align-self: center;margin-left: auto;margin-right: auto;margin-bottom:20px;width:100%;\"><\/div><div ><a class=\"fusion-button button-flat fusion-button-default-size button-default fusion-button-default button-2 fusion-button-default-span fusion-button-default-type\" target=\"_self\" href=\"https:\/\/amzn.eu\/d\/jbyMBXE\"><span class=\"fusion-button-text awb-button__text awb-button__text--default\">Conseguir el libro<\/span><\/a><\/div><div class=\"fusion-separator fusion-full-width-sep\" style=\"align-self: center;margin-left: auto;margin-right: auto;margin-bottom:20px;width:100%;\"><\/div><div class=\"fusion-text fusion-text-3\"><h2><strong>P.D.: No es un libro de literatura, sino una herramienta de inspiraci\u00f3n. Escrito por un belga en un idioma que no es el suyo, no pretende ense\u00f1arte tu oficio, sino ofrecerte una base pr\u00e1ctica para convertirlo en arte.<\/strong><\/h2>\n<\/div><\/div><\/div><div class=\"fusion-layout-column fusion_builder_column fusion-builder-column-5 fusion_builder_column_1_5 1_5 fusion-flex-column\" style=\"--awb-bg-size:cover;--awb-width-large:20%;--awb-margin-top-large:0px;--awb-spacing-right-large:9.6%;--awb-margin-bottom-large:20px;--awb-spacing-left-large:9.6%;--awb-width-medium:100%;--awb-order-medium:0;--awb-spacing-right-medium:1.92%;--awb-spacing-left-medium:1.92%;--awb-width-small:100%;--awb-order-small:0;--awb-spacing-right-small:1.92%;--awb-spacing-left-small:1.92%;\"><div class=\"fusion-column-wrapper fusion-column-has-shadow fusion-flex-justify-content-flex-start fusion-content-layout-column\"><\/div><\/div><\/div><\/div><\/p>\n","protected":false},"excerpt":{"rendered":"","protected":false},"author":3,"featured_media":0,"parent":0,"menu_order":0,"comment_status":"closed","ping_status":"closed","template":"100-width.php","meta":{"footnotes":""},"class_list":["post-37422","page","type-page","status-publish","hentry"],"_links":{"self":[{"href":"https:\/\/www.gromic.eu\/es\/wp-json\/wp\/v2\/pages\/37422","targetHints":{"allow":["GET"]}}],"collection":[{"href":"https:\/\/www.gromic.eu\/es\/wp-json\/wp\/v2\/pages"}],"about":[{"href":"https:\/\/www.gromic.eu\/es\/wp-json\/wp\/v2\/types\/page"}],"author":[{"embeddable":true,"href":"https:\/\/www.gromic.eu\/es\/wp-json\/wp\/v2\/users\/3"}],"replies":[{"embeddable":true,"href":"https:\/\/www.gromic.eu\/es\/wp-json\/wp\/v2\/comments?post=37422"}],"version-history":[{"count":13,"href":"https:\/\/www.gromic.eu\/es\/wp-json\/wp\/v2\/pages\/37422\/revisions"}],"predecessor-version":[{"id":39212,"href":"https:\/\/www.gromic.eu\/es\/wp-json\/wp\/v2\/pages\/37422\/revisions\/39212"}],"wp:attachment":[{"href":"https:\/\/www.gromic.eu\/es\/wp-json\/wp\/v2\/media?parent=37422"}],"curies":[{"name":"wp","href":"https:\/\/api.w.org\/{rel}","templated":true}]}}