{"id":15029,"date":"2016-02-05T13:56:03","date_gmt":"2016-02-05T13:56:03","guid":{"rendered":"http:\/\/www.gromic.eu\/?page_id=15029"},"modified":"2016-11-02T12:07:09","modified_gmt":"2016-11-02T12:07:09","slug":"entrevista-gromic","status":"publish","type":"page","link":"https:\/\/www.gromic.eu\/es\/entrevista-gromic\/","title":{"rendered":"Entrevista Gromic"},"content":{"rendered":"<p lang=\"es-ES\" align=\"CENTER\">\u201c<span style=\"font-family: Arial,sans-serif;\"><b><i>Intento que la gente vuelva a descubrir la joya de divertirse con sencillez y que re-descubra como maravillarse con lo que uno ya tiene.\u201d<\/i><\/b><\/span><\/p>\n<p lang=\"es-ES\" align=\"CENTER\"><span style=\"font-family: Arial,sans-serif;\"><span style=\"font-size: small;\"><i>Entrevista a Gromic, clown que actuar\u00e0 a la Gran Gala de Circ del FAC\u201912<\/i><\/span><\/span><\/p>\n<p lang=\"es-ES\" align=\"JUSTIFY\">\n<p lang=\"es-ES\" align=\"JUSTIFY\"><span style=\"font-family: Arial,sans-serif;\"><b>\u00bfQui\u00e9n es Gromic y por qu\u00e9 ese nombre?<\/b><\/span><\/p>\n<p lang=\"es-ES\" align=\"JUSTIFY\"><span style=\"font-family: Arial,sans-serif;\"><i>Es un juego con la primeras letras de mi nombre y apellidos. Lo elegi porque se puede leer en varios idiomas sin desnaturarlo demasiado y tambien porque tiene un algo que ver con el que se considera como el primero clown en trabajar solo: Grock.<\/i><\/span><\/p>\n<p lang=\"es-ES\" align=\"JUSTIFY\"><span style=\"font-family: Arial,sans-serif;\"><b>\u00bfC\u00f3mo comenzaste en esto del circo y la magia? Porque tu mundo era la publicidad, no?<\/b><\/span><\/p>\n<p lang=\"es-ES\" align=\"JUSTIFY\"><span style=\"font-family: Arial,sans-serif;\"><i>De peque\u00f1o me apasionaban los magos y el circo. Luego descubr\u00ed el mundo de la improvizaci\u00f3n teatral (de origen canadense, este deporte cultural tiene una gran aficion en el mundo francofono- Belgica, Francia, canada, etc)). Debido a una gran desconfianza,\u00a0 confusi\u00f3n conmigo mismo e imaduridad, era facil que me deje guiar por cultura hacia estudios considerados m\u00e1s serios. Asi que de prisa decid\u00ed estudiar \u201ccomunicaci\u00f3n mediatica\u201d, y especializarme en publicidad. La verdad es que descubri mis estudios mientras los hacia&#8230;y solo despues me di cuenta de que me hubiese gustado estudiar psycologia social. <\/i><\/span><\/p>\n<p lang=\"es-ES\" align=\"JUSTIFY\"><span style=\"font-family: Arial,sans-serif;\"><i>En fin, al finalizar mis estudios no entendia muy bien que competencia podia presentar por delante un empleador, asi que hice un a\u00f1o en algo que me daba mucho m\u00e1s ilusi\u00f3n y em pec\u00e9 una formaci\u00f3n pedagogica en circo, es decir aprender a ense\u00f1ar las tecnicas de circo&#8230;y todo un mundo se abri\u00f3. Volverse \u201cmarginal\u201d era posible, y trabaj\u00e9 en el mundo del turismo en hoteles y cruceros donde pude experimentar y desarrollar ideas. Mi ultima gran experiencia antes de vivir solo de mi arte fue trabajar como payaso de hospital aqu\u00ed en Barcelona con Pallapupas. Esta experiencia me ayud\u00f3 en desarrollarme con m\u00e1s profundidad como persona y profesional.<\/i><\/span><\/p>\n<p lang=\"es-ES\" align=\"JUSTIFY\"><span style=\"font-family: Arial,sans-serif;\"><b>\u00bfQu\u00e9 es la comedia visual?<\/b><\/span><\/p>\n<p align=\"JUSTIFY\">\u201c<span style=\"font-family: Arial,sans-serif;\"><span lang=\"es-ES\"><i>Comedia visual\u201d sirve para hacer entender a la gente que asistera a un espect\u00e1culo sin palabras sin especificar en concreto el lenguaje o tipo de mezcla tecnica que se usara para\u00a0 exprimirse.<\/i><\/span><\/span><\/p>\n<p lang=\"es-ES\" align=\"JUSTIFY\"><span style=\"font-family: Arial,sans-serif;\"><i>A los seres humanos nos resulta m\u00e1s f\u00e1cil de etiquetar las cosas. Por esto,\u00a0 me parece la manera m\u00e1s adecuada para \u201cdefinir\u201d la manera con la cual me expreso mejor en el escenario. Aunque sigo buscandala tengo que reconocer que palabras tal que clown, payaso, mimo, etc podr\u00edan tambi\u00e9n \u201cdescribirme\u201d. Aunque mezclo estas t\u00e9cnicas a mi manera y que tengo un af\u00e1n para el tema del clown, tengo que constatar que en general son palabras que resultan poco atractiva de momento o asociadas a poca calidad hasta insulto y facilmente pueden frenar un profesional ya en un mundo que tiene desafios importantes.<\/i><\/span><\/p>\n<p align=\"JUSTIFY\">\n<p lang=\"es-ES\" align=\"JUSTIFY\"><span style=\"font-family: Arial,sans-serif;\"><b>\u00bfQu\u00e9 nos encontramos en el mundo de Gromic?<\/b><\/span><\/p>\n<p lang=\"es-ES\" align=\"JUSTIFY\"><span style=\"font-family: Arial,sans-serif;\"><i>Un mundo donde la sencillez es reina, donde la risa es considerada como una emoci\u00f3n y tratada con delicadeza. No todos los modos a trav\u00e9s los cuales se busca la risa son considerados como validos. El divertimiento se puede hacer todos juntos sin necesidad de burlarse de alguien. La frontera de la risa entre ni\u00f1os y adultos es una mera ilusi\u00f3n. Intento que la gente vuelva a descubrir la joya de divertirse con sencillez y que re-descubra como maravillarse con lo que uno ya tiene.<\/i><\/span><\/p>\n<p lang=\"es-ES\" align=\"JUSTIFY\"><span style=\"font-family: Arial,sans-serif;\"><b>\u00bfY qu\u00e9 podr\u00e1n ver los que se acerquen a ver tu actuaci\u00f3n en la Fiesta Mayor de Sant Adri\u00e0? \u00bfQu\u00e9 les dir\u00edas a los vecinos de la ciudad para que fueran a verte?<\/b><\/span><\/p>\n<p lang=\"es-ES\" align=\"JUSTIFY\"><span style=\"font-family: Arial,sans-serif;\"><i>Vienes si sientes que te estas alejando del esencial, si sientes que tus criterios son diferentes de la televisi\u00f3n. Vienes si te apetece y si tienes la posibilidad. Yo ahi estar\u00e9.<\/i><\/span><\/p>\n<p lang=\"es-ES\" align=\"JUSTIFY\"><span style=\"font-family: Arial,sans-serif;\"><b>\u00bfTienes alg\u00fan referente en el que te fijes en esto de la magia y el circo en general?<\/b><\/span><\/p>\n<p align=\"JUSTIFY\"><span style=\"font-family: Arial,sans-serif;\"><span lang=\"es-ES\"><i>Claro, el terreno ya ha sido estrenado por otros, inspiran la energia para seguir en mi camino: George Carl, Avner the eccentric, Joe Jackson Junior,Peter Shub, Leandre, Tina Lenert, Tommy cooper, Kenny Layton<\/i><\/span><span lang=\"es-ES\">. <\/span><\/span><\/p>\n<p lang=\"es-ES\" align=\"JUSTIFY\"><span style=\"font-family: Arial,sans-serif;\"><b>\u00bfEs m\u00e1s f\u00e1cil expresar un sentimiento con gestos que con palabras?<\/b><\/span><\/p>\n<p lang=\"es-ES\" align=\"JUSTIFY\"><span style=\"font-family: Arial,sans-serif;\"><i>No s\u00e9 si la palabra \u201cfacil\u201d es adecuada para describir tal proceso. Cada uno tiene su manera privilegiada de expresarse. La verdad es que tendria miles maneras de contestarte que podrian\u00a0 parecer contredecirse&#8230;En gran resumen: pienso que la palabra tiene un gran poder y que la verdad viene del cuerpo&#8230;uno tiene impacto sobre el otro y reciprocamente!<\/i><\/span><\/p>\n<p lang=\"es-ES\" align=\"JUSTIFY\"><span style=\"font-family: Arial,sans-serif;\"><i>En mi \u00e1mbito, la dimensi\u00f3n de la comunicaci\u00f3n me parece lo m\u00e1s importante, no tanto el \u201cexpresarse\u201d por expresarse. Aunque el medio con lo cual \u201ccomunicas\u201d esta en tu elecci\u00f3n, lo que haces, sientes o vibras tiene que mover un algo del espectador, para que su tiempo de vida que te ha otorgado en mirarte valga la pena, para que hab\u00eda, aunque muy humildemente, un antes y un despu\u00e9s de haber asistido a tu representaci\u00f3n.<\/i><\/span><\/p>\n<p lang=\"es-ES\" align=\"JUSTIFY\"><span style=\"font-family: Arial,sans-serif;\"><i>Lo que es seguro es que resulta un gran desaf\u00edo a la hora de crear contenido privarse de la palabra.<\/i><\/span><\/p>\n<p lang=\"es-ES\" align=\"JUSTIFY\"><span style=\"font-family: Arial,sans-serif;\">Con la crisis econ\u00f3mica que nos ha ca\u00eddo encima, \u00bfte dan ganas de dejar los gestos y ponerte a gritar a m\u00e1s de uno?<\/span><\/p>\n<p lang=\"es-ES\" align=\"JUSTIFY\"><span style=\"font-family: Arial,sans-serif;\"><i>Pues la verdad es que si. Y cuando pienso asi intento recordarme de un principio: \u201clo que no me gusta de Ti, lo cambio en Mi\u201d.<\/i><\/span><\/p>\n<p lang=\"es-ES\" align=\"JUSTIFY\"><span style=\"font-family: Arial,sans-serif;\"><i>Tengo que confesar que aunque consiguo solo en poner este principio en pratica un 20%, trabajo en hacer crecer esta proporci\u00f3n en mi vida. <\/i><\/span><\/p>\n<p lang=\"es-ES\" align=\"JUSTIFY\"><span style=\"font-family: Arial,sans-serif;\"><i>Cuando criticamos los poderosos, aunque con raz\u00f3nes m\u00e1s que validas, tenemos esta tendencia en olvidar de lo que hacemos nosotros mismos. Sin pensar que hay nada que hacer al respecto, pienso que ganariamos en poner la energia en lo que podemos cambiar de verdad aqu\u00ed y ahora sin esperar a que las condiciones externas (que dependen poco de nosotros) cambien. No se trata de una crisis, si no de un cambio de fundo, no se trata de aguantar este \u201cmal momento\u201d si no de decidir ahora qu\u00e9 nos es esencial y de re-crear nuestras vidas. Pienso que hay muchos talentos de todo tipo que se est\u00e1n malgastando por dejar las condiciones de fuera guiar nuestras vidas. Aunque soy consciente que sea facil\u00a0 decir todo esto que ponerlo en pratica, pienso que este tipo de direcci\u00f3n ser\u00eda lo m\u00e1s concreto y constructivo.<\/i><\/span><\/p>\n<p lang=\"es-ES\" align=\"JUSTIFY\"><span style=\"font-family: Arial,sans-serif;\"><i>Pienso que si nuestra cultura occidental seria m\u00e1s coherente entre su palabra y acci\u00f3n, mucho seria resuelto.<\/i><\/span><\/p>\n<p lang=\"es-ES\" align=\"JUSTIFY\"><span style=\"font-family: Arial,sans-serif;\"><i>Pienso tambien que nuestra cultura europea ha pasado en su ultima era de un \u201ctener\u201d y despues \u201chacer\u201d, antes de un \u201chacer\u201d y despues \u201ctener\u201d&#8230;y dudo que obtengamos resultados constructivos si nos quedamos con esta actitud.<\/i><\/span><\/p>\n<p lang=\"es-ES\" align=\"JUSTIFY\"><span style=\"font-family: Arial,sans-serif;\">Has viajado por todo el mundo desde tu Bruselas natal y ahora has recalado en Barcelona. \u00bfQu\u00e9 te gusta de esta ciudad? <\/span><\/p>\n<p lang=\"es-ES\" align=\"JUSTIFY\"><span style=\"font-family: Arial,sans-serif;\"><i>Veni en Barcelona con el proyecto de quedarme 6meses un a\u00f1o, y ahora resulta que hacen m\u00e1s de 7 a\u00f1os que aqu\u00ed estoy. Me encanta la temporada dels cal\u00e7ots, la riqueza de actividades que se puede encontrar en Barcelona cuando uno se decide hacer algo y hay que reconocer que aunque no perfecto los transportes p\u00fablicos de Barcelona son muy muy competitivos. (entre los mejores que conozco)<\/i><\/span><\/p>\n<p lang=\"es-ES\" align=\"JUSTIFY\"><span style=\"font-family: Arial,sans-serif;\"><b>\u00bfC\u00f3mo crees que se trata el circo en nuestro pa\u00eds?<\/b><\/span><\/p>\n<p lang=\"es-ES\" align=\"JUSTIFY\"><span style=\"font-family: Arial,sans-serif;\"><i>Apcc (Asociacio dels Profesionals del Circ de Catalunya) trabaja a su reconocimiento y poco a poco lo consigue. De otra parte, me temo que mientras parte del circo se esta instituzionalizando, se le esta haciendo perder su capacidad de resiliencia.<\/i><\/span><\/p>\n<p lang=\"es-ES\" align=\"JUSTIFY\"><span style=\"font-family: Arial,sans-serif;\"><i>Por natura de llegar a todos los p\u00fablicos, el circo tendria una ventaja sobre los demas ambitos artisticos\u00a0 en este mundo con reglas cambiando. A institutionalizarse casi de manera exclusiva, se esta denaturando. Sabes que Barcelona prohibe de actuar en la calle pero que tiene un institut dels arts del carrer! Compa\u00f1eros que antes actuaban en la Rambla se vieron multar, confiscar su material y dinero que llevaban con ellos&#8230;Y eso no es leyenda urbana!<\/i><\/span><\/p>\n<p lang=\"es-ES\" align=\"JUSTIFY\"><span style=\"font-family: Arial,sans-serif;\"><i>Pienso que talentos nuevos y independientes van tener aun m\u00e1s dificultades en desarrollarse&#8230;si no puedes experimentar en la calle, aunque si respetas que estas dentro\u00a0 del espacio publico, se vuelve m\u00e1s un desafio&#8230;Pienso que Barcelona necesita dejar espontaneidad a sus talentos en vez de cortarles cuando todavia ni siquiera nacieron.<\/i><\/span><\/p>\n<p lang=\"es-ES\" align=\"JUSTIFY\"><span style=\"font-family: Arial,sans-serif;\"><b>\u00bfQu\u00e9 te parecen actividades como el Festival d\u2019Art de Carrer de Sant Adri\u00e0? <\/b><\/span><\/p>\n<p lang=\"es-ES\" align=\"JUSTIFY\"><span style=\"font-family: Arial,sans-serif;\"><i>Super iniciativa para sensibilisar la gente a este tipo de espect\u00e1culo. Lo bueno de un festival es que suele atraer la gente a quien le interesa este tipo de cultura. De otra parte, y para ser honesto a veces me pregunt\u00f3 si la gente lo valora. La realidad de un espect\u00e1culo es que tiene un coste y aunque este sea asumido a menudo por una entidad que lo ofrece al p\u00fablico, la tendencia humana que aparece es que cuando das una cosa \u201cgratis\u201d tenemos tendencia en valorarlo poco. Todo lo que seria \u201cpublico\u201d (desde servicios hasta material urbano) \u201coferto\u201d es en general poco apreciado (hasta esta maltratado, hay solo que ver como usuarios tratan las bicis del bicing, se collan para no pagar los transportes p\u00fablicos o deterioran el material urbano), ahora que esta \u201cgratuitad\u201d empieza en desaparecer poco a poco lo valoremos m\u00e1s&#8230;Espero que sea igual para la cultura y que el p\u00fablico valore m\u00e1s las cosas que le son esenciales. Considera que parte de las personas sigue preferiendo gastarse el dinero en pagarse una copa en una discoteca que la mitad a ver un espect\u00e1culo&#8230;cada uno lo suyo!;0)<\/i><\/span><\/p>\n<p align=\"JUSTIFY\">\n<p lang=\"es-ES\" align=\"JUSTIFY\"><span style=\"font-family: Arial,sans-serif;\"><b>\u00bfSe nota la diferencia de actuar en festivales callejeros a hacerlo en teatros?<\/b><\/span><\/p>\n<p lang=\"es-ES\" align=\"JUSTIFY\"><span style=\"font-family: Arial,sans-serif;\"><i>Totalmente, no eres aislado del contexto donde actuas. Cualquier actividades que hagas tendra un impacto que variara seg\u00fan su contexto: La calle me da m\u00e1s libertad y el teatro m\u00e1s impacto.<\/i><\/span><\/p>\n<p lang=\"es-ES\" align=\"JUSTIFY\"><span style=\"font-family: Arial,sans-serif;\"><b>\u00bfD\u00f3nde podremos verte actuar despu\u00e9s de Sant Adri\u00e0?<\/b><\/span><\/p>\n<p lang=\"es-ES\" align=\"JUSTIFY\"><span style=\"font-family: Arial,sans-serif;\"><i>Tengo muchos proyectos, a destacar mi aparici\u00f3n en un gran festival del humor en Austria Velden donde actuo Leo Bassi el a\u00f1o pasado y en principio estar\u00e9 tambien en la fiesta de la Merc\u00e9, antes de una probable gira en Finlandia.<\/i><\/span><\/p>\n","protected":false},"excerpt":{"rendered":"<p>\u201cIntento que la gente vuelva a descubrir la joya de divertirse con sencillez y que re-descubra como maravillarse con lo que uno ya tiene.\u201d Entrevista a Gromic, clown que actuar\u00e0 a la Gran Gala de Circ del FAC\u201912 \u00bfQui\u00e9n es Gromic y por qu\u00e9 ese nombre? Es un juego con la primeras letras de mi  [&#8230;]<\/p>\n","protected":false},"author":3,"featured_media":0,"parent":0,"menu_order":0,"comment_status":"open","ping_status":"open","template":"","meta":{"footnotes":""},"class_list":["post-15029","page","type-page","status-publish","hentry"],"yoast_head":"<!-- This site is optimized with the Yoast SEO plugin v28.4 - https:\/\/yoast.com\/product\/yoast-seo-wordpress\/ -->\n<title>Entrevista Gromic - Gromic Visual Comedy<\/title>\n<meta name=\"robots\" content=\"index, follow, max-snippet:-1, max-image-preview:large, max-video-preview:-1\" \/>\n<link rel=\"canonical\" href=\"https:\/\/www.gromic.eu\/es\/entrevista-gromic\/\" \/>\n<meta property=\"og:locale\" content=\"es_ES\" \/>\n<meta property=\"og:type\" content=\"article\" \/>\n<meta property=\"og:title\" content=\"Entrevista Gromic - Gromic Visual Comedy\" \/>\n<meta property=\"og:description\" content=\"\u201cIntento que la gente vuelva a descubrir la joya de divertirse con sencillez y que re-descubra como maravillarse con lo que uno ya tiene.\u201d Entrevista a Gromic, clown que actuar\u00e0 a la Gran Gala de Circ del FAC\u201912 \u00bfQui\u00e9n es Gromic y por qu\u00e9 ese nombre? Es un juego con la primeras letras de mi [...]\" \/>\n<meta property=\"og:url\" content=\"https:\/\/www.gromic.eu\/es\/entrevista-gromic\/\" \/>\n<meta property=\"og:site_name\" content=\"Gromic Visual Comedy\" \/>\n<meta property=\"article:modified_time\" content=\"2016-11-02T12:07:09+00:00\" \/>\n<meta name=\"twitter:label1\" content=\"Tiempo de lectura\" \/>\n\t<meta name=\"twitter:data1\" content=\"9 minutos\" \/>\n<script type=\"application\/ld+json\" class=\"yoast-schema-graph\">{\"@context\":\"https:\\\/\\\/schema.org\",\"@graph\":[{\"@type\":\"WebPage\",\"@id\":\"https:\\\/\\\/www.gromic.eu\\\/es\\\/entrevista-gromic\\\/\",\"url\":\"https:\\\/\\\/www.gromic.eu\\\/es\\\/entrevista-gromic\\\/\",\"name\":\"Entrevista Gromic - Gromic Visual Comedy\",\"isPartOf\":{\"@id\":\"https:\\\/\\\/www.gromic.eu\\\/es\\\/#website\"},\"datePublished\":\"2016-02-05T13:56:03+00:00\",\"dateModified\":\"2016-11-02T12:07:09+00:00\",\"breadcrumb\":{\"@id\":\"https:\\\/\\\/www.gromic.eu\\\/es\\\/entrevista-gromic\\\/#breadcrumb\"},\"inLanguage\":\"es\",\"potentialAction\":[{\"@type\":\"ReadAction\",\"target\":[\"https:\\\/\\\/www.gromic.eu\\\/es\\\/entrevista-gromic\\\/\"]}]},{\"@type\":\"BreadcrumbList\",\"@id\":\"https:\\\/\\\/www.gromic.eu\\\/es\\\/entrevista-gromic\\\/#breadcrumb\",\"itemListElement\":[{\"@type\":\"ListItem\",\"position\":1,\"name\":\"Portada\",\"item\":\"https:\\\/\\\/www.gromic.eu\\\/es\\\/\"},{\"@type\":\"ListItem\",\"position\":2,\"name\":\"Entrevista Gromic\"}]},{\"@type\":\"WebSite\",\"@id\":\"https:\\\/\\\/www.gromic.eu\\\/es\\\/#website\",\"url\":\"https:\\\/\\\/www.gromic.eu\\\/es\\\/\",\"name\":\"Gromic Visual Comedy\",\"description\":\"Gromic Visual Comedy\",\"potentialAction\":[{\"@type\":\"SearchAction\",\"target\":{\"@type\":\"EntryPoint\",\"urlTemplate\":\"https:\\\/\\\/www.gromic.eu\\\/es\\\/?s={search_term_string}\"},\"query-input\":{\"@type\":\"PropertyValueSpecification\",\"valueRequired\":true,\"valueName\":\"search_term_string\"}}],\"inLanguage\":\"es\"}]}<\/script>\n<!-- \/ Yoast SEO plugin. -->","yoast_head_json":{"title":"Entrevista Gromic - Gromic Visual Comedy","robots":{"index":"index","follow":"follow","max-snippet":"max-snippet:-1","max-image-preview":"max-image-preview:large","max-video-preview":"max-video-preview:-1"},"canonical":"https:\/\/www.gromic.eu\/es\/entrevista-gromic\/","og_locale":"es_ES","og_type":"article","og_title":"Entrevista Gromic - Gromic Visual Comedy","og_description":"\u201cIntento que la gente vuelva a descubrir la joya de divertirse con sencillez y que re-descubra como maravillarse con lo que uno ya tiene.\u201d Entrevista a Gromic, clown que actuar\u00e0 a la Gran Gala de Circ del FAC\u201912 \u00bfQui\u00e9n es Gromic y por qu\u00e9 ese nombre? Es un juego con la primeras letras de mi [...]","og_url":"https:\/\/www.gromic.eu\/es\/entrevista-gromic\/","og_site_name":"Gromic Visual Comedy","article_modified_time":"2016-11-02T12:07:09+00:00","twitter_misc":{"Tiempo de lectura":"9 minutos"},"schema":{"@context":"https:\/\/schema.org","@graph":[{"@type":"WebPage","@id":"https:\/\/www.gromic.eu\/es\/entrevista-gromic\/","url":"https:\/\/www.gromic.eu\/es\/entrevista-gromic\/","name":"Entrevista Gromic - Gromic Visual Comedy","isPartOf":{"@id":"https:\/\/www.gromic.eu\/es\/#website"},"datePublished":"2016-02-05T13:56:03+00:00","dateModified":"2016-11-02T12:07:09+00:00","breadcrumb":{"@id":"https:\/\/www.gromic.eu\/es\/entrevista-gromic\/#breadcrumb"},"inLanguage":"es","potentialAction":[{"@type":"ReadAction","target":["https:\/\/www.gromic.eu\/es\/entrevista-gromic\/"]}]},{"@type":"BreadcrumbList","@id":"https:\/\/www.gromic.eu\/es\/entrevista-gromic\/#breadcrumb","itemListElement":[{"@type":"ListItem","position":1,"name":"Portada","item":"https:\/\/www.gromic.eu\/es\/"},{"@type":"ListItem","position":2,"name":"Entrevista Gromic"}]},{"@type":"WebSite","@id":"https:\/\/www.gromic.eu\/es\/#website","url":"https:\/\/www.gromic.eu\/es\/","name":"Gromic Visual Comedy","description":"Gromic Visual Comedy","potentialAction":[{"@type":"SearchAction","target":{"@type":"EntryPoint","urlTemplate":"https:\/\/www.gromic.eu\/es\/?s={search_term_string}"},"query-input":{"@type":"PropertyValueSpecification","valueRequired":true,"valueName":"search_term_string"}}],"inLanguage":"es"}]}},"_links":{"self":[{"href":"https:\/\/www.gromic.eu\/es\/wp-json\/wp\/v2\/pages\/15029","targetHints":{"allow":["GET"]}}],"collection":[{"href":"https:\/\/www.gromic.eu\/es\/wp-json\/wp\/v2\/pages"}],"about":[{"href":"https:\/\/www.gromic.eu\/es\/wp-json\/wp\/v2\/types\/page"}],"author":[{"embeddable":true,"href":"https:\/\/www.gromic.eu\/es\/wp-json\/wp\/v2\/users\/3"}],"replies":[{"embeddable":true,"href":"https:\/\/www.gromic.eu\/es\/wp-json\/wp\/v2\/comments?post=15029"}],"version-history":[{"count":0,"href":"https:\/\/www.gromic.eu\/es\/wp-json\/wp\/v2\/pages\/15029\/revisions"}],"wp:attachment":[{"href":"https:\/\/www.gromic.eu\/es\/wp-json\/wp\/v2\/media?parent=15029"}],"curies":[{"name":"wp","href":"https:\/\/api.w.org\/{rel}","templated":true}]}}